{"id":63,"date":"2025-04-14T14:34:09","date_gmt":"2025-04-14T14:34:09","guid":{"rendered":"https:\/\/clericat-templier.com\/?page_id=63"},"modified":"2025-04-14T14:51:47","modified_gmt":"2025-04-14T14:51:47","slug":"histoire","status":"publish","type":"page","link":"https:\/\/clericat-templier.com\/index.php\/histoire\/","title":{"rendered":"HISTOIRE DE L&rsquo;ORDRE DE NOS JOURS"},"content":{"rendered":"<p>[et_pb_section fb_built=\u00a0\u00bb1&Prime; fullwidth=\u00a0\u00bbon\u00a0\u00bb _builder_version=\u00a0\u00bb4.27.4&Prime; _module_preset=\u00a0\u00bbdefault\u00a0\u00bb global_colors_info=\u00a0\u00bb{}\u00a0\u00bb][\/et_pb_section][et_pb_section fb_built=\u00a0\u00bb1&Prime; fullwidth=\u00a0\u00bbon\u00a0\u00bb _builder_version=\u00a0\u00bb4.27.4&Prime; _module_preset=\u00a0\u00bbdefault\u00a0\u00bb global_colors_info=\u00a0\u00bb{}\u00a0\u00bb][et_pb_fullwidth_image src=\u00a0\u00bbhttps:\/\/clericat-templier.com\/wp-content\/uploads\/2025\/04\/head_hcch2.jpg\u00a0\u00bb title_text=\u00a0\u00bbhead_hcch2&Prime; _builder_version=\u00a0\u00bb4.27.4&Prime; _module_preset=\u00a0\u00bbdefault\u00a0\u00bb global_colors_info=\u00a0\u00bb{}\u00a0\u00bb][\/et_pb_fullwidth_image][\/et_pb_section][et_pb_section fb_built=\u00a0\u00bb1&Prime; _builder_version=\u00a0\u00bb4.27.4&Prime; _module_preset=\u00a0\u00bbdefault\u00a0\u00bb global_colors_info=\u00a0\u00bb{}\u00a0\u00bb][et_pb_row column_structure=\u00a0\u00bb1_2,1_2&Prime; _builder_version=\u00a0\u00bb4.27.4&Prime; _module_preset=\u00a0\u00bbdefault\u00a0\u00bb hover_enabled=\u00a0\u00bb0&Prime; global_colors_info=\u00a0\u00bb{}\u00a0\u00bb custom_padding=\u00a0\u00bb89px|||0px||\u00a0\u00bb sticky_enabled=\u00a0\u00bb0&Prime;][et_pb_column type=\u00a0\u00bb1_2&Prime; _builder_version=\u00a0\u00bb4.27.4&Prime; _module_preset=\u00a0\u00bbdefault\u00a0\u00bb global_colors_info=\u00a0\u00bb{}\u00a0\u00bb][et_pb_text _builder_version=\u00a0\u00bb4.27.4&Prime; _module_preset=\u00a0\u00bbdefault\u00a0\u00bb custom_margin=\u00a0\u00bb-37px|||||\u00a0\u00bb hover_enabled=\u00a0\u00bb0&Prime; global_colors_info=\u00a0\u00bb{}\u00a0\u00bb sticky_enabled=\u00a0\u00bb0&Prime;]<\/p>\n<h3 style=\"text-align: center;\"><strong>EN FRANCE<\/strong><\/h3>\n<p style=\"text-align: justify;\">Une r\u00e9surgence r\u00e9cente a vu la restauration officielle de la III\u00b0 Province templi\u00e8re de l&rsquo;Ordre, dite d&rsquo;Occitanie, de fa\u00e7on r\u00e9guli\u00e8re, tel le ph\u00e9nix renaissant de ses cendres. Plusieurs hauts dignitaires du R\u00e9gime Ecossais Rectifi\u00e9 ont senti le besoin pressant de revenir aux sources de la chevalerie templi\u00e8re et ont eu \u00e9galement le privil\u00e8ge d&rsquo;\u00eatre re\u00e7us Chevaliers du Temple et Clercs de la Stricte Observance par un \u00e9minent dignitaire de l&rsquo;Ordre en Europe Centrale, l&rsquo;<em>Eques Professus ab Hieracio. <\/em><\/p>\n<p>\u00a0Une premi\u00e8re Loge fut consacr\u00e9e selon les us et coutumes des Loges r\u00e9unies, le 1er \u00a0avril 1995, en la f\u00eate de saint Hugues, par un coll\u00e8ge consacrant constitu\u00e9 de Francs-Ma\u00e7ons \u00e9m\u00e9rites ayant acc\u00e9d\u00e9 aux plus hautes responsabilit\u00e9s ma\u00e7onniques dans une autre Province.<\/p>\n<p>Le Grand Chapitre Provincial d&rsquo;Occitanie, III\u00b0 Province de l&rsquo;Ordre, fut solennellement consacr\u00e9 le 11 novembre 1995 et le Grand Ma\u00eetre Provincial, l&rsquo;<em>Eques Professus Petrus a Militia Christi<\/em>, et ses Officiers \u00e9taient install\u00e9s dans la plus pure tradition templi\u00e8re de la Stricte Observance.<\/p>\n<p>Des n\u00e9cessit\u00e9s imp\u00e9rieuses ont amen\u00e9 les Grands Dignitaires de l&rsquo;Ordre \u00e0 r\u00e9unir un Convent le 1er\u00a0octobre 2010 au cours duquel fut r\u00e9tablie la Grande Ma\u00eetrise G\u00e9n\u00e9rale de l&rsquo;Ordre qui reprit alors son ancien nom d&rsquo;<em>Ordre Ecossais des Chevaliers du Saint Temple de J\u00e9rusalem\u00a0<\/em>; le jour m\u00eame fut \u00e9lu et install\u00e9 le Grand Ma\u00eetre G\u00e9n\u00e9ral, Protecteur de l&rsquo;Ordre et Conservateur du Rite, l&rsquo;<em>Eques Professus a Militia Christi. <\/em><\/p>\n<p>Depuis lors, le Grand Chapitre Provincial d&rsquo;Occitanie, en l&rsquo;attente de la restauration des autres Provinces de l&rsquo;Ordre, g\u00e8re plusieurs loges en France regroup\u00e9es au sein d&rsquo;une Grande Loge Ecossaise plac\u00e9e sous sa haute juridiction.<\/p>\n<p>[\/et_pb_text][\/et_pb_column][et_pb_column type=\u00a0\u00bb1_2&Prime; _builder_version=\u00a0\u00bb4.27.4&Prime; _module_preset=\u00a0\u00bbdefault\u00a0\u00bb global_colors_info=\u00a0\u00bb{}\u00a0\u00bb][et_pb_text _builder_version=\u00a0\u00bb4.27.4&Prime; _module_preset=\u00a0\u00bbdefault\u00a0\u00bb custom_margin=\u00a0\u00bb-40px|||||\u00a0\u00bb hover_enabled=\u00a0\u00bb0&Prime; global_colors_info=\u00a0\u00bb{}\u00a0\u00bb sticky_enabled=\u00a0\u00bb0&Prime; custom_padding=\u00a0\u00bb0px|||||\u00a0\u00bb]<\/p>\n<h3 style=\"text-align: center;\"><strong>EN SUISSE<\/strong><\/h3>\n<p style=\"text-align: justify;\">D\u00e8s l&rsquo;ann\u00e9e 2012,directement issues de la r\u00e9surgence en France de 1995 de la Stricte Observance, des lettres patentes nominativement accord\u00e9es \u00e0 l\u2019<em>Equitissa Duobus Delfnis ex Sacratis Fontibus, <\/em>permettent la restauration officielle de la V\u00b0 Province templi\u00e8re de l&rsquo;Ordre, dite de Bourgogne en Helv\u00e9tie,<\/p>\n<p style=\"text-align: justify;\">Directement plac\u00e9e sous la Responsabilit\u00e9 du Vidame et Grand Prieur, de la Chapellenie de La Musse en Bourgogne, Grand Ma\u00eetre Provincial de Bourgogne, l\u2019<em>Equitissa Professa\u00a0 a Duobus Delfnis ex Sacratis Fontibus, <\/em>ainsi que l\u2019\u00e9tablissement successivement<\/p>\n<p style=\"text-align: justify;\">D&rsquo;une premi\u00e8re Loge, <em>La ParfaiteUnions des Etrangers<\/em> \u00e0 Gen\u00e8ve<\/p>\n<p style=\"text-align: justify;\">Puis<\/p>\n<p style=\"text-align: justify;\">De la Grand Loge Ecossaise <em>HOLYROOD<\/em><\/p>\n<p style=\"text-align: justify;\">Ensuite<\/p>\n<p style=\"text-align: justify;\"><span style=\"font-size: 16px;\">Du <em>Grand Chapitre Cl\u00e9rical d\u2019Helv\u00e9tie.<\/em><\/span><\/p>\n<p style=\"text-align: justify;\">Enfin<span style=\"font-size: 16px;\"><\/span><\/p>\n<p style=\"text-align: justify;\">\n<p style=\"text-align: justify;\">Du <em>Haut Chapitre Cl\u00e9rical d\u2019Helv\u00e9tie<\/em>, qui dirige en R\u00e9gime l&rsquo;ensemble de la structure de la V\u00b0 Province de l&rsquo;Ordre.<\/p>\n<p style=\"text-align: justify;\">\n<p>[\/et_pb_text][\/et_pb_column][\/et_pb_row][\/et_pb_section]<\/p>\n","protected":false},"excerpt":{"rendered":"<p>EN FRANCE Une r\u00e9surgence r\u00e9cente a vu la restauration officielle de la III\u00b0 Province templi\u00e8re de l&rsquo;Ordre, dite d&rsquo;Occitanie, de fa\u00e7on r\u00e9guli\u00e8re, tel le ph\u00e9nix renaissant de ses cendres. Plusieurs hauts dignitaires du R\u00e9gime Ecossais Rectifi\u00e9 ont senti le besoin pressant de revenir aux sources de la chevalerie templi\u00e8re et ont eu \u00e9galement le privil\u00e8ge [&hellip;]<\/p>\n","protected":false},"author":1,"featured_media":0,"parent":0,"menu_order":0,"comment_status":"closed","ping_status":"closed","template":"","meta":{"_et_pb_use_builder":"on","_et_pb_old_content":"","_et_gb_content_width":"","footnotes":""},"class_list":["post-63","page","type-page","status-publish","hentry"],"_links":{"self":[{"href":"https:\/\/clericat-templier.com\/index.php\/wp-json\/wp\/v2\/pages\/63","targetHints":{"allow":["GET"]}}],"collection":[{"href":"https:\/\/clericat-templier.com\/index.php\/wp-json\/wp\/v2\/pages"}],"about":[{"href":"https:\/\/clericat-templier.com\/index.php\/wp-json\/wp\/v2\/types\/page"}],"author":[{"embeddable":true,"href":"https:\/\/clericat-templier.com\/index.php\/wp-json\/wp\/v2\/users\/1"}],"replies":[{"embeddable":true,"href":"https:\/\/clericat-templier.com\/index.php\/wp-json\/wp\/v2\/comments?post=63"}],"version-history":[{"count":7,"href":"https:\/\/clericat-templier.com\/index.php\/wp-json\/wp\/v2\/pages\/63\/revisions"}],"predecessor-version":[{"id":74,"href":"https:\/\/clericat-templier.com\/index.php\/wp-json\/wp\/v2\/pages\/63\/revisions\/74"}],"wp:attachment":[{"href":"https:\/\/clericat-templier.com\/index.php\/wp-json\/wp\/v2\/media?parent=63"}],"curies":[{"name":"wp","href":"https:\/\/api.w.org\/{rel}","templated":true}]}}